{"id":18180,"date":"2023-08-02T17:27:45","date_gmt":"2023-08-02T15:27:45","guid":{"rendered":"https:\/\/www.parroquiadearnedo.org\/?page_id=18180"},"modified":"2023-09-01T13:14:15","modified_gmt":"2023-09-01T11:14:15","slug":"adoracion-nocturna","status":"publish","type":"page","link":"https:\/\/www.parroquiadearnedo.org\/?page_id=18180","title":{"rendered":"Adoraci\u00f3n Nocturna"},"content":{"rendered":"<style type=\"text\/css\"> \n#cmsmasters_row_69f55be7625933_94823203 { \n\tbackground-image: url(https:\/\/www.parroquiadearnedo.org\/wp-content\/uploads\/2023\/07\/depositphotos_461305772-stock-photo-pastel-minimal-polygonal-background-e1690676481395.jpg); \n\tbackground-position: bottom center; \n\tbackground-repeat: no-repeat; \n\tbackground-attachment: fixed; \n\tbackground-size: cover; \n} \n\n#cmsmasters_row_69f55be7625933_94823203 .cmsmasters_row_outer_parent { \n\tpadding-top: 230px; \n} \n\n#cmsmasters_row_69f55be7625933_94823203 .cmsmasters_row_outer_parent { \n\tpadding-bottom: 160px; \n} \n\n \n#cmsmasters_heading_69f55be762d8c7_31227730 { \n\ttext-align:center; \n\tmargin-top:0px; \n\tmargin-bottom:0px; \n} \n\n#cmsmasters_heading_69f55be762d8c7_31227730 .cmsmasters_heading { \n\ttext-align:center; \n} \n\n#cmsmasters_heading_69f55be762d8c7_31227730 .cmsmasters_heading, #cmsmasters_heading_69f55be762d8c7_31227730 .cmsmasters_heading a { \n\tfont-family:'Montserrat'; \n\tfont-weight:bold; \n\tfont-style:normal; \n\tcolor:#ffffff;\n} \n\n#cmsmasters_heading_69f55be762d8c7_31227730 .cmsmasters_heading_divider { \n} \n\n \n#cmsmasters_row_69f55be762e583_00064889 .cmsmasters_row_outer_parent { \n\tpadding-top: 90px; \n} \n\n#cmsmasters_row_69f55be762e583_00064889 .cmsmasters_row_outer_parent { \n\tpadding-bottom: 90px; \n} \n\n \n#cmsmasters_heading_69f55be76304f8_12692497 { \n\ttext-align:left; \n\tmargin-top:0px; \n\tmargin-bottom:35px; \n} \n\n#cmsmasters_heading_69f55be76304f8_12692497 .cmsmasters_heading { \n\ttext-align:left; \n} \n\n#cmsmasters_heading_69f55be76304f8_12692497 .cmsmasters_heading, #cmsmasters_heading_69f55be76304f8_12692497 .cmsmasters_heading a { \n\tfont-family:'Crimson Text'; \n\tfont-weight:500; \n\tfont-style:italic; \n\tcolor:#000000;\n} \n\n#cmsmasters_heading_69f55be76304f8_12692497 .cmsmasters_heading_divider { \n} \n\n \n#cmsmasters_row_69f55be7636488_20335557 .cmsmasters_row_outer_parent { \n\tpadding-top: 0px; \n} \n\n#cmsmasters_row_69f55be7636488_20335557 .cmsmasters_row_outer_parent { \n\tpadding-bottom: 50px; \n} \n\n<\/style><div id=\"cmsmasters_row_69f55be7625933_94823203\" class=\"cmsmasters_row cmsmasters_color_scheme_default cmsmasters_row_top_default cmsmasters_row_bot_default cmsmasters_row_boxed\">\n<div class=\"cmsmasters_row_outer_parent\">\n<div class=\"cmsmasters_row_outer\">\n<div class=\"cmsmasters_row_inner\">\n<div class=\"cmsmasters_row_margin\">\n<div class=\"cmsmasters_column one_first\">\n\n<div id=\"cmsmasters_heading_69f55be762d8c7_31227730\" class=\"cmsmasters_heading_wrap cmsmasters_heading_align_center\">\n\t<h1 class=\"cmsmasters_heading\">ADORACI\u00d3N NOCTURNA<\/h1>\n<\/div>\n<\/div>\n<\/div>\n<\/div>\n<\/div>\n<\/div>\n<\/div>\n<div id=\"cmsmasters_row_69f55be762e583_00064889\" class=\"cmsmasters_row cmsmasters_color_scheme_default cmsmasters_row_top_default cmsmasters_row_bot_default cmsmasters_row_boxed\">\n<div class=\"cmsmasters_row_outer_parent\">\n<div class=\"cmsmasters_row_outer\">\n<div class=\"cmsmasters_row_inner\">\n<div class=\"cmsmasters_row_margin cmsmasters_row_columns_behavior\">\n<div class=\"cmsmasters_column two_third\">\n\n<div id=\"cmsmasters_heading_69f55be76304f8_12692497\" class=\"cmsmasters_heading_wrap cmsmasters_heading_align_left\">\n\t<h1 class=\"cmsmasters_heading\">La Adoraci\u00f3n Nocturna de Arnedo fue constituida en el a\u00f1o 1913.<\/h1>\n<\/div>\n<\/div>\n<div class=\"cmsmasters_column one_third\">\n<div class=\"aligncenter\">\n<div class=\"cmsmasters_img  cmsmasters_image_c\">\n<a href=\"https:\/\/www.parroquiadearnedo.org\/wp-content\/uploads\/2023\/08\/WhatsApp-Image-2023-08-10-at-22.38.51-1.jpeg\"><img decoding=\"async\" src=\"https:\/\/www.parroquiadearnedo.org\/wp-content\/uploads\/2023\/08\/WhatsApp-Image-2023-08-10-at-22.38.51-1.jpeg\" \/><\/a>\n<\/div>\n<\/div>\n<\/div>\n<\/div>\n<\/div>\n<\/div>\n<\/div>\n<\/div>\n<div id=\"cmsmasters_row_69f55be7636488_20335557\" class=\"cmsmasters_row cmsmasters_color_scheme_default cmsmasters_row_top_default cmsmasters_row_bot_default cmsmasters_row_boxed\">\n<div class=\"cmsmasters_row_outer_parent\">\n<div class=\"cmsmasters_row_outer\">\n<div class=\"cmsmasters_row_inner\">\n<div class=\"cmsmasters_row_margin\">\n<div class=\"cmsmasters_column one_first\">\n<div class=\"cmsmasters_text\">\n<h2 style=\"padding-left: 40px;\"><em><span style=\"color: #000000;\">Desde hace unos a\u00f1os se re\u00fane una vez al mes con el fin de realizar una \u201cHORA SANTA\u201d delante del Se\u00f1or al terminar la Misa de la tarde de la iglesia de Santo Tom\u00e1s.<\/span><\/em><\/h2>\n<h2 style=\"padding-left: 40px;\"><em><span style=\"color: #000000;\">El d\u00eda de Jueves Santo, del Domingo de Rebeldes y del Corpus Christi participan en la celebraci\u00f3n de la Eucarist\u00eda y en las posteriores procesiones.<\/span><\/em><\/h2>\n<\/div>\n<\/div>\n<\/div>\n<\/div>\n<\/div>\n<\/div>\n<\/div>\n\n","protected":false},"excerpt":{"rendered":"","protected":false},"author":4,"featured_media":0,"parent":17064,"menu_order":19,"comment_status":"closed","ping_status":"closed","template":"","meta":{"_uag_custom_page_level_css":"","footnotes":""},"class_list":["post-18180","page","type-page","status-publish","hentry"],"yoast_head":"<!-- This site is optimized with the Yoast SEO plugin v27.2 - https:\/\/yoast.com\/product\/yoast-seo-wordpress\/ -->\n<title>Adoraci\u00f3n Nocturna - Parroquia de Arnedo<\/title>\n<meta name=\"robots\" content=\"index, follow, max-snippet:-1, max-image-preview:large, max-video-preview:-1\" \/>\n<link rel=\"canonical\" href=\"https:\/\/www.parroquiadearnedo.org\/?page_id=18180\" \/>\n<meta property=\"og:locale\" content=\"es_ES\" \/>\n<meta property=\"og:type\" content=\"article\" \/>\n<meta property=\"og:title\" content=\"Adoraci\u00f3n Nocturna - Parroquia de Arnedo\" \/>\n<meta property=\"og:url\" content=\"https:\/\/www.parroquiadearnedo.org\/?page_id=18180\" \/>\n<meta property=\"og:site_name\" content=\"Parroquia de Arnedo\" \/>\n<meta property=\"article:publisher\" content=\"https:\/\/www.facebook.com\/parroquiadearnedo\" \/>\n<meta property=\"article:modified_time\" content=\"2023-09-01T11:14:15+00:00\" \/>\n<meta name=\"twitter:card\" content=\"summary_large_image\" \/>\n<meta name=\"twitter:label1\" content=\"Tiempo de lectura\" \/>\n\t<meta name=\"twitter:data1\" content=\"1 minuto\" \/>\n<script type=\"application\/ld+json\" class=\"yoast-schema-graph\">{\"@context\":\"https:\/\/schema.org\",\"@graph\":[{\"@type\":\"WebPage\",\"@id\":\"https:\/\/www.parroquiadearnedo.org\/?page_id=18180\",\"url\":\"https:\/\/www.parroquiadearnedo.org\/?page_id=18180\",\"name\":\"Adoraci\u00f3n Nocturna - Parroquia de Arnedo\",\"isPartOf\":{\"@id\":\"https:\/\/www.parroquiadearnedo.org\/#website\"},\"datePublished\":\"2023-08-02T15:27:45+00:00\",\"dateModified\":\"2023-09-01T11:14:15+00:00\",\"breadcrumb\":{\"@id\":\"https:\/\/www.parroquiadearnedo.org\/?page_id=18180#breadcrumb\"},\"inLanguage\":\"es\",\"potentialAction\":[{\"@type\":\"ReadAction\",\"target\":[\"https:\/\/www.parroquiadearnedo.org\/?page_id=18180\"]}]},{\"@type\":\"BreadcrumbList\",\"@id\":\"https:\/\/www.parroquiadearnedo.org\/?page_id=18180#breadcrumb\",\"itemListElement\":[{\"@type\":\"ListItem\",\"position\":1,\"name\":\"Portada\",\"item\":\"https:\/\/www.parroquiadearnedo.org\/\"},{\"@type\":\"ListItem\",\"position\":2,\"name\":\"La Parroquia\",\"item\":\"https:\/\/www.parroquiadearnedo.org\/?page_id=17064\"},{\"@type\":\"ListItem\",\"position\":3,\"name\":\"Adoraci\u00f3n Nocturna\"}]},{\"@type\":\"WebSite\",\"@id\":\"https:\/\/www.parroquiadearnedo.org\/#website\",\"url\":\"https:\/\/www.parroquiadearnedo.org\/\",\"name\":\"Parroquia de Arnedo\",\"description\":\"Portada\",\"publisher\":{\"@id\":\"https:\/\/www.parroquiadearnedo.org\/#organization\"},\"potentialAction\":[{\"@type\":\"SearchAction\",\"target\":{\"@type\":\"EntryPoint\",\"urlTemplate\":\"https:\/\/www.parroquiadearnedo.org\/?s={search_term_string}\"},\"query-input\":{\"@type\":\"PropertyValueSpecification\",\"valueRequired\":true,\"valueName\":\"search_term_string\"}}],\"inLanguage\":\"es\"},{\"@type\":\"Organization\",\"@id\":\"https:\/\/www.parroquiadearnedo.org\/#organization\",\"name\":\"Parroquia de Arnedo\",\"url\":\"https:\/\/www.parroquiadearnedo.org\/\",\"logo\":{\"@type\":\"ImageObject\",\"inLanguage\":\"es\",\"@id\":\"https:\/\/www.parroquiadearnedo.org\/#\/schema\/logo\/image\/\",\"url\":\"https:\/\/i0.wp.com\/www.parroquiadearnedo.org\/wp-content\/uploads\/2025\/10\/android-icon-48x48-1.png?fit=48%2C48&ssl=1\",\"contentUrl\":\"https:\/\/i0.wp.com\/www.parroquiadearnedo.org\/wp-content\/uploads\/2025\/10\/android-icon-48x48-1.png?fit=48%2C48&ssl=1\",\"width\":48,\"height\":48,\"caption\":\"Parroquia de Arnedo\"},\"image\":{\"@id\":\"https:\/\/www.parroquiadearnedo.org\/#\/schema\/logo\/image\/\"},\"sameAs\":[\"https:\/\/www.facebook.com\/parroquiadearnedo\"]}]}<\/script>\n<!-- \/ Yoast SEO plugin. -->","yoast_head_json":{"title":"Adoraci\u00f3n Nocturna - Parroquia de Arnedo","robots":{"index":"index","follow":"follow","max-snippet":"max-snippet:-1","max-image-preview":"max-image-preview:large","max-video-preview":"max-video-preview:-1"},"canonical":"https:\/\/www.parroquiadearnedo.org\/?page_id=18180","og_locale":"es_ES","og_type":"article","og_title":"Adoraci\u00f3n Nocturna - Parroquia de Arnedo","og_url":"https:\/\/www.parroquiadearnedo.org\/?page_id=18180","og_site_name":"Parroquia de Arnedo","article_publisher":"https:\/\/www.facebook.com\/parroquiadearnedo","article_modified_time":"2023-09-01T11:14:15+00:00","twitter_card":"summary_large_image","twitter_misc":{"Tiempo de lectura":"1 minuto"},"schema":{"@context":"https:\/\/schema.org","@graph":[{"@type":"WebPage","@id":"https:\/\/www.parroquiadearnedo.org\/?page_id=18180","url":"https:\/\/www.parroquiadearnedo.org\/?page_id=18180","name":"Adoraci\u00f3n Nocturna - Parroquia de Arnedo","isPartOf":{"@id":"https:\/\/www.parroquiadearnedo.org\/#website"},"datePublished":"2023-08-02T15:27:45+00:00","dateModified":"2023-09-01T11:14:15+00:00","breadcrumb":{"@id":"https:\/\/www.parroquiadearnedo.org\/?page_id=18180#breadcrumb"},"inLanguage":"es","potentialAction":[{"@type":"ReadAction","target":["https:\/\/www.parroquiadearnedo.org\/?page_id=18180"]}]},{"@type":"BreadcrumbList","@id":"https:\/\/www.parroquiadearnedo.org\/?page_id=18180#breadcrumb","itemListElement":[{"@type":"ListItem","position":1,"name":"Portada","item":"https:\/\/www.parroquiadearnedo.org\/"},{"@type":"ListItem","position":2,"name":"La Parroquia","item":"https:\/\/www.parroquiadearnedo.org\/?page_id=17064"},{"@type":"ListItem","position":3,"name":"Adoraci\u00f3n Nocturna"}]},{"@type":"WebSite","@id":"https:\/\/www.parroquiadearnedo.org\/#website","url":"https:\/\/www.parroquiadearnedo.org\/","name":"Parroquia de Arnedo","description":"Portada","publisher":{"@id":"https:\/\/www.parroquiadearnedo.org\/#organization"},"potentialAction":[{"@type":"SearchAction","target":{"@type":"EntryPoint","urlTemplate":"https:\/\/www.parroquiadearnedo.org\/?s={search_term_string}"},"query-input":{"@type":"PropertyValueSpecification","valueRequired":true,"valueName":"search_term_string"}}],"inLanguage":"es"},{"@type":"Organization","@id":"https:\/\/www.parroquiadearnedo.org\/#organization","name":"Parroquia de Arnedo","url":"https:\/\/www.parroquiadearnedo.org\/","logo":{"@type":"ImageObject","inLanguage":"es","@id":"https:\/\/www.parroquiadearnedo.org\/#\/schema\/logo\/image\/","url":"https:\/\/i0.wp.com\/www.parroquiadearnedo.org\/wp-content\/uploads\/2025\/10\/android-icon-48x48-1.png?fit=48%2C48&ssl=1","contentUrl":"https:\/\/i0.wp.com\/www.parroquiadearnedo.org\/wp-content\/uploads\/2025\/10\/android-icon-48x48-1.png?fit=48%2C48&ssl=1","width":48,"height":48,"caption":"Parroquia de Arnedo"},"image":{"@id":"https:\/\/www.parroquiadearnedo.org\/#\/schema\/logo\/image\/"},"sameAs":["https:\/\/www.facebook.com\/parroquiadearnedo"]}]}},"uagb_featured_image_src":{"full":false,"thumbnail":false,"medium":false,"medium_large":false,"large":false,"event-post-thumb":false,"event-post-thumb-box":false,"1536x1536":false,"2048x2048":false,"post-thumbnail":false,"cmsmasters-small-thumb":false,"cmsmasters-square-thumb":false,"cmsmasters-blog-masonry-thumb":false,"cmsmasters-project-grid-thumb":false,"cmsmasters-project-thumb":false,"cmsmasters-project-masonry-thumb":false,"cmsmasters-masonry-thumb":false,"cmsmasters-full-thumb":false,"cmsmasters-project-full-thumb":false,"cmsmasters-full-masonry-thumb":false,"cmsmasters-event-thumb":false,"mailpoet_newsletter_max":false},"uagb_author_info":{"display_name":"Javi","author_link":"https:\/\/www.parroquiadearnedo.org\/?author=4"},"uagb_comment_info":0,"uagb_excerpt":null,"_links":{"self":[{"href":"https:\/\/www.parroquiadearnedo.org\/index.php?rest_route=\/wp\/v2\/pages\/18180","targetHints":{"allow":["GET"]}}],"collection":[{"href":"https:\/\/www.parroquiadearnedo.org\/index.php?rest_route=\/wp\/v2\/pages"}],"about":[{"href":"https:\/\/www.parroquiadearnedo.org\/index.php?rest_route=\/wp\/v2\/types\/page"}],"author":[{"embeddable":true,"href":"https:\/\/www.parroquiadearnedo.org\/index.php?rest_route=\/wp\/v2\/users\/4"}],"replies":[{"embeddable":true,"href":"https:\/\/www.parroquiadearnedo.org\/index.php?rest_route=%2Fwp%2Fv2%2Fcomments&post=18180"}],"version-history":[{"count":8,"href":"https:\/\/www.parroquiadearnedo.org\/index.php?rest_route=\/wp\/v2\/pages\/18180\/revisions"}],"predecessor-version":[{"id":20658,"href":"https:\/\/www.parroquiadearnedo.org\/index.php?rest_route=\/wp\/v2\/pages\/18180\/revisions\/20658"}],"up":[{"embeddable":true,"href":"https:\/\/www.parroquiadearnedo.org\/index.php?rest_route=\/wp\/v2\/pages\/17064"}],"wp:attachment":[{"href":"https:\/\/www.parroquiadearnedo.org\/index.php?rest_route=%2Fwp%2Fv2%2Fmedia&parent=18180"}],"curies":[{"name":"wp","href":"https:\/\/api.w.org\/{rel}","templated":true}]}}